{"id":3197,"date":"2024-01-30T13:26:00","date_gmt":"2024-01-30T16:26:00","guid":{"rendered":"https:\/\/venturis.com.ar\/?post_type=product&#038;p=3197"},"modified":"2026-02-18T14:59:40","modified_gmt":"2026-02-18T17:59:40","slug":"abanico-estandar-funda","status":"publish","type":"product","link":"https:\/\/venturis.com.ar\/?product=abanico-estandar-funda","title":{"rendered":"Abanico Estandar + Funda"},"content":{"rendered":"","protected":false},"excerpt":{"rendered":"<h4>Abanico estandar + llavero + funda<\/h4>\n<h5><b>\ud83d\udcd0 Caracter\u00edsticas<\/b><\/h5>\n<ul>\n<li style=\"font-weight: 400;\" aria-level=\"1\"><b>Medidas:<\/b>\n<ul>\n<li style=\"font-weight: 400;\" aria-level=\"2\"><span style=\"font-weight: 400;\">Abierto: 44 cm ancho x 24 cm alto<\/span><\/li>\n<li style=\"font-weight: 400;\" aria-level=\"2\"><span style=\"font-weight: 400;\">Cerrado: 3,8 cm ancho x 24 cm alto<\/span><\/li>\n<\/ul>\n<\/li>\n<li style=\"font-weight: 400;\" aria-level=\"1\"><b>Materiales:<\/b>\n<ul>\n<li style=\"font-weight: 400;\" aria-level=\"2\"><span style=\"font-weight: 400;\">Varillas de madera MDF<\/span><\/li>\n<li style=\"font-weight: 400;\" aria-level=\"2\"><span style=\"font-weight: 400;\">Tela de poli\u00e9ster sublimada de alta calidad<\/span><\/li>\n<li style=\"font-weight: 400;\" aria-level=\"2\"><span style=\"font-weight: 400;\">Pulsera de agarre de ecocuero suave<\/span><\/li>\n<\/ul>\n<\/li>\n<li style=\"font-weight: 400;\" aria-level=\"1\"><span style=\"font-weight: 400;\">\ud83c\udf81 <\/span><b>Incluye:<\/b>\n<ul>\n<li style=\"font-weight: 400;\" aria-level=\"2\"><span style=\"font-weight: 400;\">Llavero de seda de regalo<\/span><\/li>\n<li style=\"font-weight: 400;\" aria-level=\"2\"><span style=\"font-weight: 400;\">Mosquet\u00f3n para colgar en mochila, ri\u00f1onera o cintur\u00f3n<\/span><\/li>\n<\/ul>\n<\/li>\n<\/ul>\n<p><b>\ud83c\udf1f Beneficios<\/b><\/p>\n<ul>\n<li style=\"font-weight: 400;\" aria-level=\"1\"><span style=\"font-weight: 400;\">Dise\u00f1o original inspirado en la naturaleza<\/span><\/li>\n<li style=\"font-weight: 400;\" aria-level=\"1\"><span style=\"font-weight: 400;\">Liviano y f\u00e1cil de llevar a todas partes<\/span><\/li>\n<li style=\"font-weight: 400;\" aria-level=\"1\"><span style=\"font-weight: 400;\">Hecho para dure mucho tiempo (siempre que se evite el contacto con agua)<\/span><\/li>\n<\/ul>\n<p><b>\ud83d\udcb8 Medios de pago<\/b><\/p>\n<ul>\n<li><span style=\"font-weight: 400;\">Posibilidad de abonar en 1 pago con tarjetas de cr\u00e9dito y d\u00e9bito a trav\u00e9s de Mercado Pago<\/span><\/li>\n<li style=\"font-weight: 400;\" aria-level=\"1\"><span style=\"font-weight: 400;\">10% de descuento con transferencia bancaria o pago en efectivo<\/span><\/li>\n<\/ul>\n<p><b>\ud83d\ude9a Env\u00edos<\/b><\/p>\n<ul>\n<li style=\"font-weight: 400;\" aria-level=\"1\"><b>A todo el pa\u00eds:<\/b><span style=\"font-weight: 400;\"> Despachamos tu pedido dentro de las 48 hs. Nuestras bolsas de env\u00edo son compastables, podes enterrarlas y se vuelven tierra!<br \/>\nDesde que se despacha, el tiempo de env\u00edo depende del destino, en general es entre 3 a 7 d\u00edas h\u00e1biles. Enviamos a trav\u00e9s de Correo Argentino, en el caso de querer el env\u00edo con Andreani o Encomiendas, especificar .<\/span><\/li>\n<li style=\"font-weight: 400;\" aria-level=\"1\"><span style=\"font-weight: 400;\">\ud83d\udef5 <\/span><b>En el d\u00eda en Tucum\u00e1n:<\/b><span style=\"font-weight: 400;\"> Env\u00edos por Uber Moto a San Miguel de Tucum\u00e1n, Yerba Buena, Taf\u00ed Viejo, El Manantial y San Pablo. Consultar otras direcciones.<\/span><\/li>\n<li style=\"font-weight: 400;\" aria-level=\"1\"><span style=\"font-weight: 400;\">\ud83d\udccdRetiro sin cargo en punto de entrega en Yerba Buena.<\/span><\/li>\n<\/ul>\n<p><b>\ud83d\uded1 Cuidados del producto<\/b><\/p>\n<ul>\n<li style=\"font-weight: 400;\" aria-level=\"1\"><span style=\"font-weight: 400;\">No mojar ni humedecer el abanico.<\/span><\/li>\n<li style=\"font-weight: 400;\" aria-level=\"1\"><span style=\"font-weight: 400;\">La madera MDF puede deformarse con l\u00edquidos.<\/span><\/li>\n<\/ul>\n<p><b>\ud83d\ude4b Preguntas frecuentes<\/b><\/p>\n<ul>\n<li style=\"font-weight: 400;\" aria-level=\"1\"><b>\u00bfCu\u00e1nto tarda el env\u00edo?<\/b><span style=\"font-weight: 400;\"> Despachamos en 24 a 48 hs, y el tiempo de env\u00edo en general es entre 3 a 7 d\u00edas h\u00e1biles.<\/span><\/li>\n<li style=\"font-weight: 400;\" aria-level=\"1\"><b>\u00bfViene con accesorios?<\/b><span style=\"font-weight: 400;\"> \u00a1S\u00ed! Incluye llavero de seda + mosquet\u00f3n para colgar.<\/span><\/li>\n<\/ul>\n<p><b>\ud83d\udd25 Los abanicos son accesorios de moda, adem\u00e1s de mantenerte frescx, reflejan lo que sos y tu autenticidad. Y en Venturis amamos eso!<\/b><\/p>\n<p><span style=\"font-weight: 400;\">Hac\u00e9 tuyo el <\/span><i><span style=\"font-weight: 400;\">Abanico estandar + llavero + funda<\/span><\/i><span style=\"font-weight: 400;\"> y sum\u00e1 color, frescura y dise\u00f1o a tu movimiento.<\/span><span style=\"font-weight: 400;\"><br \/>\n<\/span><span style=\"font-weight: 400;\">\ud83d\udc49 <\/span><b>\u00a1Compr\u00e1 ahora!<\/b><\/p>\n","protected":false},"featured_media":3202,"comment_status":"closed","ping_status":"closed","template":"","meta":{"content-type":"","_uag_custom_page_level_css":"","site-sidebar-layout":"default","site-content-layout":"","ast-site-content-layout":"default","site-content-style":"default","site-sidebar-style":"default","ast-global-header-display":"","ast-banner-title-visibility":"","ast-main-header-display":"","ast-hfb-above-header-display":"","ast-hfb-below-header-display":"","ast-hfb-mobile-header-display":"","site-post-title":"","ast-breadcrumbs-content":"","ast-featured-img":"","footer-sml-layout":"","ast-disable-related-posts":"","theme-transparent-header-meta":"default","adv-header-id-meta":"","stick-header-meta":"","header-above-stick-meta":"","header-main-stick-meta":"","header-below-stick-meta":"","astra-migrate-meta-layouts":"set","ast-page-background-enabled":"default","ast-page-background-meta":{"desktop":{"background-color":"","background-image":"","background-repeat":"repeat","background-position":"center center","background-size":"auto","background-attachment":"scroll","background-type":"","background-media":"","overlay-type":"","overlay-color":"","overlay-opacity":"","overlay-gradient":""},"tablet":{"background-color":"","background-image":"","background-repeat":"repeat","background-position":"center center","background-size":"auto","background-attachment":"scroll","background-type":"","background-media":"","overlay-type":"","overlay-color":"","overlay-opacity":"","overlay-gradient":""},"mobile":{"background-color":"","background-image":"","background-repeat":"repeat","background-position":"center center","background-size":"auto","background-attachment":"scroll","background-type":"","background-media":"","overlay-type":"","overlay-color":"","overlay-opacity":"","overlay-gradient":""}},"ast-content-background-meta":{"desktop":{"background-color":"var(--ast-global-color-5)","background-image":"","background-repeat":"repeat","background-position":"center center","background-size":"auto","background-attachment":"scroll","background-type":"","background-media":"","overlay-type":"","overlay-color":"","overlay-opacity":"","overlay-gradient":""},"tablet":{"background-color":"var(--ast-global-color-5)","background-image":"","background-repeat":"repeat","background-position":"center center","background-size":"auto","background-attachment":"scroll","background-type":"","background-media":"","overlay-type":"","overlay-color":"","overlay-opacity":"","overlay-gradient":""},"mobile":{"background-color":"var(--ast-global-color-5)","background-image":"","background-repeat":"repeat","background-position":"center center","background-size":"auto","background-attachment":"scroll","background-type":"","background-media":"","overlay-type":"","overlay-color":"","overlay-opacity":"","overlay-gradient":""}},"jetpack_post_was_ever_published":false,"_joinchat":[]},"product_brand":[],"product_cat":[66],"product_tag":[],"class_list":{"0":"post-3197","1":"product","2":"type-product","3":"status-publish","4":"has-post-thumbnail","6":"product_cat-pack-abanico-funda","7":"desktop-align-left","8":"tablet-align-left","9":"mobile-align-left","11":"first","12":"instock","13":"shipping-taxable","14":"purchasable","15":"product-type-composite"},"yoast_head":"<!-- This site is optimized with the Yoast SEO plugin v26.5 - https:\/\/yoast.com\/wordpress\/plugins\/seo\/ -->\n<title>Abanico Estandar + Funda - Venturis<\/title>\n<meta name=\"robots\" content=\"index, follow, max-snippet:-1, max-image-preview:large, max-video-preview:-1\" \/>\n<link rel=\"canonical\" href=\"https:\/\/venturis.com.ar\/?product=abanico-estandar-funda\" \/>\n<meta property=\"og:locale\" content=\"es_ES\" \/>\n<meta property=\"og:type\" content=\"article\" \/>\n<meta property=\"og:title\" content=\"Abanico Estandar + Funda - Venturis\" \/>\n<meta property=\"og:description\" content=\"Abanico estandar + llavero + funda \ud83d\udcd0 Caracter\u00edsticas   Medidas:   Abierto: 44 cm ancho x 24 cm alto  Cerrado: 3,8 cm ancho x 24 cm alto    Materiales:   Varillas de madera MDF  Tela de poli\u00e9ster sublimada de alta calidad  Pulsera de agarre de ecocuero suave    \ud83c\udf81 Incluye:   Llavero de seda de regalo  Mosquet\u00f3n para colgar en mochila, ri\u00f1onera o cintur\u00f3n    \ud83c\udf1f Beneficios   Dise\u00f1o original inspirado en la naturaleza  Liviano y f\u00e1cil de llevar a todas partes  Hecho para dure mucho tiempo (siempre que se evite el contacto con agua)  \ud83d\udcb8 Medios de pago   Posibilidad de abonar en 1 pago con tarjetas de cr\u00e9dito y d\u00e9bito a trav\u00e9s de Mercado Pago  10% de descuento con transferencia bancaria o pago en efectivo  \ud83d\ude9a Env\u00edos   A todo el pa\u00eds: Despachamos tu pedido dentro de las 48 hs. Nuestras bolsas de env\u00edo son compastables, podes enterrarlas y se vuelven tierra! Desde que se despacha, el tiempo de env\u00edo depende del destino, en general es entre 3 a 7 d\u00edas h\u00e1biles. Enviamos a trav\u00e9s de Correo Argentino, en el caso de querer el env\u00edo con Andreani o Encomiendas, especificar .  \ud83d\udef5 En el d\u00eda en Tucum\u00e1n: Env\u00edos por Uber Moto a San Miguel de Tucum\u00e1n, Yerba Buena, Taf\u00ed Viejo, El Manantial y San Pablo. Consultar otras direcciones.  \ud83d\udccdRetiro sin cargo en punto de entrega en Yerba Buena.  \ud83d\uded1 Cuidados del producto   No mojar ni humedecer el abanico.  La madera MDF puede deformarse con l\u00edquidos.  \ud83d\ude4b Preguntas frecuentes   \u00bfCu\u00e1nto tarda el env\u00edo? Despachamos en 24 a 48 hs, y el tiempo de env\u00edo en general es entre 3 a 7 d\u00edas h\u00e1biles.  \u00bfViene con accesorios? \u00a1S\u00ed! Incluye llavero de seda + mosquet\u00f3n para colgar.  \ud83d\udd25 Los abanicos son accesorios de moda, adem\u00e1s de mantenerte frescx, reflejan lo que sos y tu autenticidad. Y en Venturis amamos eso!  Hac\u00e9 tuyo el Abanico estandar + llavero + funda y sum\u00e1 color, frescura y dise\u00f1o a tu movimiento. \ud83d\udc49 \u00a1Compr\u00e1 ahora!\" \/>\n<meta property=\"og:url\" content=\"https:\/\/venturis.com.ar\/?product=abanico-estandar-funda\" \/>\n<meta property=\"og:site_name\" content=\"Venturis\" \/>\n<meta property=\"article:modified_time\" content=\"2026-02-18T17:59:40+00:00\" \/>\n<meta property=\"og:image\" content=\"http:\/\/venturis.com.ar\/wp-content\/uploads\/2024\/01\/1-scaled.webp\" \/>\n\t<meta property=\"og:image:width\" content=\"2560\" \/>\n\t<meta property=\"og:image:height\" content=\"1920\" \/>\n\t<meta property=\"og:image:type\" content=\"image\/webp\" \/>\n<meta name=\"twitter:card\" content=\"summary_large_image\" \/>\n<meta name=\"twitter:label1\" content=\"Tiempo de lectura\" \/>\n\t<meta name=\"twitter:data1\" content=\"1 minuto\" \/>\n<script type=\"application\/ld+json\" class=\"yoast-schema-graph\">{\"@context\":\"https:\/\/schema.org\",\"@graph\":[{\"@type\":\"WebPage\",\"@id\":\"https:\/\/venturis.com.ar\/?product=abanico-estandar-funda\",\"url\":\"https:\/\/venturis.com.ar\/?product=abanico-estandar-funda\",\"name\":\"Abanico Estandar + Funda - Venturis\",\"isPartOf\":{\"@id\":\"https:\/\/venturis.com.ar\/#website\"},\"primaryImageOfPage\":{\"@id\":\"https:\/\/venturis.com.ar\/?product=abanico-estandar-funda#primaryimage\"},\"image\":{\"@id\":\"https:\/\/venturis.com.ar\/?product=abanico-estandar-funda#primaryimage\"},\"thumbnailUrl\":\"https:\/\/venturis.com.ar\/wp-content\/uploads\/2024\/01\/1-scaled.webp\",\"datePublished\":\"2024-01-30T16:26:00+00:00\",\"dateModified\":\"2026-02-18T17:59:40+00:00\",\"breadcrumb\":{\"@id\":\"https:\/\/venturis.com.ar\/?product=abanico-estandar-funda#breadcrumb\"},\"inLanguage\":\"es\",\"potentialAction\":[{\"@type\":\"ReadAction\",\"target\":[\"https:\/\/venturis.com.ar\/?product=abanico-estandar-funda\"]}]},{\"@type\":\"ImageObject\",\"inLanguage\":\"es\",\"@id\":\"https:\/\/venturis.com.ar\/?product=abanico-estandar-funda#primaryimage\",\"url\":\"https:\/\/venturis.com.ar\/wp-content\/uploads\/2024\/01\/1-scaled.webp\",\"contentUrl\":\"https:\/\/venturis.com.ar\/wp-content\/uploads\/2024\/01\/1-scaled.webp\",\"width\":2560,\"height\":1920},{\"@type\":\"BreadcrumbList\",\"@id\":\"https:\/\/venturis.com.ar\/?product=abanico-estandar-funda#breadcrumb\",\"itemListElement\":[{\"@type\":\"ListItem\",\"position\":1,\"name\":\"Portada\",\"item\":\"https:\/\/venturis.com.ar\/\"},{\"@type\":\"ListItem\",\"position\":2,\"name\":\"Store\",\"item\":\"https:\/\/venturis.com.ar\/?page_id=1218\"},{\"@type\":\"ListItem\",\"position\":3,\"name\":\"Abanico Estandar + Funda\"}]},{\"@type\":\"WebSite\",\"@id\":\"https:\/\/venturis.com.ar\/#website\",\"url\":\"https:\/\/venturis.com.ar\/\",\"name\":\"Venturis.com.ar\",\"description\":\"Tu autenticidad en movimiento\",\"publisher\":{\"@id\":\"https:\/\/venturis.com.ar\/#\/schema\/person\/2f014c263cadc657457c408059943d7e\"},\"alternateName\":\"Venturis\",\"potentialAction\":[{\"@type\":\"SearchAction\",\"target\":{\"@type\":\"EntryPoint\",\"urlTemplate\":\"https:\/\/venturis.com.ar\/?s={search_term_string}\"},\"query-input\":{\"@type\":\"PropertyValueSpecification\",\"valueRequired\":true,\"valueName\":\"search_term_string\"}}],\"inLanguage\":\"es\"},{\"@type\":[\"Person\",\"Organization\"],\"@id\":\"https:\/\/venturis.com.ar\/#\/schema\/person\/2f014c263cadc657457c408059943d7e\",\"name\":\"Melisa Parajon\",\"image\":{\"@type\":\"ImageObject\",\"inLanguage\":\"es\",\"@id\":\"https:\/\/venturis.com.ar\/#\/schema\/person\/image\/\",\"url\":\"https:\/\/venturis.com.ar\/wp-content\/uploads\/2025\/07\/LOGO-FINAL-02-scaled.jpg\",\"contentUrl\":\"https:\/\/venturis.com.ar\/wp-content\/uploads\/2025\/07\/LOGO-FINAL-02-scaled.jpg\",\"width\":2560,\"height\":2560,\"caption\":\"Melisa Parajon\"},\"logo\":{\"@id\":\"https:\/\/venturis.com.ar\/#\/schema\/person\/image\/\"}}]}<\/script>\n<!-- \/ Yoast SEO plugin. -->","yoast_head_json":{"title":"Abanico Estandar + Funda - Venturis","robots":{"index":"index","follow":"follow","max-snippet":"max-snippet:-1","max-image-preview":"max-image-preview:large","max-video-preview":"max-video-preview:-1"},"canonical":"https:\/\/venturis.com.ar\/?product=abanico-estandar-funda","og_locale":"es_ES","og_type":"article","og_title":"Abanico Estandar + Funda - Venturis","og_description":"Abanico estandar + llavero + funda \ud83d\udcd0 Caracter\u00edsticas   Medidas:   Abierto: 44 cm ancho x 24 cm alto  Cerrado: 3,8 cm ancho x 24 cm alto    Materiales:   Varillas de madera MDF  Tela de poli\u00e9ster sublimada de alta calidad  Pulsera de agarre de ecocuero suave    \ud83c\udf81 Incluye:   Llavero de seda de regalo  Mosquet\u00f3n para colgar en mochila, ri\u00f1onera o cintur\u00f3n    \ud83c\udf1f Beneficios   Dise\u00f1o original inspirado en la naturaleza  Liviano y f\u00e1cil de llevar a todas partes  Hecho para dure mucho tiempo (siempre que se evite el contacto con agua)  \ud83d\udcb8 Medios de pago   Posibilidad de abonar en 1 pago con tarjetas de cr\u00e9dito y d\u00e9bito a trav\u00e9s de Mercado Pago  10% de descuento con transferencia bancaria o pago en efectivo  \ud83d\ude9a Env\u00edos   A todo el pa\u00eds: Despachamos tu pedido dentro de las 48 hs. Nuestras bolsas de env\u00edo son compastables, podes enterrarlas y se vuelven tierra! Desde que se despacha, el tiempo de env\u00edo depende del destino, en general es entre 3 a 7 d\u00edas h\u00e1biles. Enviamos a trav\u00e9s de Correo Argentino, en el caso de querer el env\u00edo con Andreani o Encomiendas, especificar .  \ud83d\udef5 En el d\u00eda en Tucum\u00e1n: Env\u00edos por Uber Moto a San Miguel de Tucum\u00e1n, Yerba Buena, Taf\u00ed Viejo, El Manantial y San Pablo. Consultar otras direcciones.  \ud83d\udccdRetiro sin cargo en punto de entrega en Yerba Buena.  \ud83d\uded1 Cuidados del producto   No mojar ni humedecer el abanico.  La madera MDF puede deformarse con l\u00edquidos.  \ud83d\ude4b Preguntas frecuentes   \u00bfCu\u00e1nto tarda el env\u00edo? Despachamos en 24 a 48 hs, y el tiempo de env\u00edo en general es entre 3 a 7 d\u00edas h\u00e1biles.  \u00bfViene con accesorios? \u00a1S\u00ed! Incluye llavero de seda + mosquet\u00f3n para colgar.  \ud83d\udd25 Los abanicos son accesorios de moda, adem\u00e1s de mantenerte frescx, reflejan lo que sos y tu autenticidad. Y en Venturis amamos eso!  Hac\u00e9 tuyo el Abanico estandar + llavero + funda y sum\u00e1 color, frescura y dise\u00f1o a tu movimiento. \ud83d\udc49 \u00a1Compr\u00e1 ahora!","og_url":"https:\/\/venturis.com.ar\/?product=abanico-estandar-funda","og_site_name":"Venturis","article_modified_time":"2026-02-18T17:59:40+00:00","og_image":[{"width":2560,"height":1920,"url":"http:\/\/venturis.com.ar\/wp-content\/uploads\/2024\/01\/1-scaled.webp","type":"image\/webp"}],"twitter_card":"summary_large_image","twitter_misc":{"Tiempo de lectura":"1 minuto"},"schema":{"@context":"https:\/\/schema.org","@graph":[{"@type":"WebPage","@id":"https:\/\/venturis.com.ar\/?product=abanico-estandar-funda","url":"https:\/\/venturis.com.ar\/?product=abanico-estandar-funda","name":"Abanico Estandar + Funda - Venturis","isPartOf":{"@id":"https:\/\/venturis.com.ar\/#website"},"primaryImageOfPage":{"@id":"https:\/\/venturis.com.ar\/?product=abanico-estandar-funda#primaryimage"},"image":{"@id":"https:\/\/venturis.com.ar\/?product=abanico-estandar-funda#primaryimage"},"thumbnailUrl":"https:\/\/venturis.com.ar\/wp-content\/uploads\/2024\/01\/1-scaled.webp","datePublished":"2024-01-30T16:26:00+00:00","dateModified":"2026-02-18T17:59:40+00:00","breadcrumb":{"@id":"https:\/\/venturis.com.ar\/?product=abanico-estandar-funda#breadcrumb"},"inLanguage":"es","potentialAction":[{"@type":"ReadAction","target":["https:\/\/venturis.com.ar\/?product=abanico-estandar-funda"]}]},{"@type":"ImageObject","inLanguage":"es","@id":"https:\/\/venturis.com.ar\/?product=abanico-estandar-funda#primaryimage","url":"https:\/\/venturis.com.ar\/wp-content\/uploads\/2024\/01\/1-scaled.webp","contentUrl":"https:\/\/venturis.com.ar\/wp-content\/uploads\/2024\/01\/1-scaled.webp","width":2560,"height":1920},{"@type":"BreadcrumbList","@id":"https:\/\/venturis.com.ar\/?product=abanico-estandar-funda#breadcrumb","itemListElement":[{"@type":"ListItem","position":1,"name":"Portada","item":"https:\/\/venturis.com.ar\/"},{"@type":"ListItem","position":2,"name":"Store","item":"https:\/\/venturis.com.ar\/?page_id=1218"},{"@type":"ListItem","position":3,"name":"Abanico Estandar + Funda"}]},{"@type":"WebSite","@id":"https:\/\/venturis.com.ar\/#website","url":"https:\/\/venturis.com.ar\/","name":"Venturis.com.ar","description":"Tu autenticidad en movimiento","publisher":{"@id":"https:\/\/venturis.com.ar\/#\/schema\/person\/2f014c263cadc657457c408059943d7e"},"alternateName":"Venturis","potentialAction":[{"@type":"SearchAction","target":{"@type":"EntryPoint","urlTemplate":"https:\/\/venturis.com.ar\/?s={search_term_string}"},"query-input":{"@type":"PropertyValueSpecification","valueRequired":true,"valueName":"search_term_string"}}],"inLanguage":"es"},{"@type":["Person","Organization"],"@id":"https:\/\/venturis.com.ar\/#\/schema\/person\/2f014c263cadc657457c408059943d7e","name":"Melisa Parajon","image":{"@type":"ImageObject","inLanguage":"es","@id":"https:\/\/venturis.com.ar\/#\/schema\/person\/image\/","url":"https:\/\/venturis.com.ar\/wp-content\/uploads\/2025\/07\/LOGO-FINAL-02-scaled.jpg","contentUrl":"https:\/\/venturis.com.ar\/wp-content\/uploads\/2025\/07\/LOGO-FINAL-02-scaled.jpg","width":2560,"height":2560,"caption":"Melisa Parajon"},"logo":{"@id":"https:\/\/venturis.com.ar\/#\/schema\/person\/image\/"}}]}},"uagb_featured_image_src":{"full":["https:\/\/venturis.com.ar\/wp-content\/uploads\/2024\/01\/1-scaled.webp",2560,1920,false],"thumbnail":["https:\/\/venturis.com.ar\/wp-content\/uploads\/2024\/01\/1-150x150.webp",150,150,true],"medium":["https:\/\/venturis.com.ar\/wp-content\/uploads\/2024\/01\/1-300x225.webp",300,225,true],"medium_large":["https:\/\/venturis.com.ar\/wp-content\/uploads\/2024\/01\/1-768x576.webp",768,576,true],"large":["https:\/\/venturis.com.ar\/wp-content\/uploads\/2024\/01\/1-1024x768.webp",1024,768,true],"1536x1536":["https:\/\/venturis.com.ar\/wp-content\/uploads\/2024\/01\/1-1536x1152.webp",1536,1152,true],"2048x2048":["https:\/\/venturis.com.ar\/wp-content\/uploads\/2024\/01\/1-2048x1536.webp",2048,1536,true],"gamipress-points":["https:\/\/venturis.com.ar\/wp-content\/uploads\/2024\/01\/1-scaled.webp",50,38,false],"gamipress-achievement":["https:\/\/venturis.com.ar\/wp-content\/uploads\/2024\/01\/1-scaled.webp",100,75,false],"gamipress-rank":["https:\/\/venturis.com.ar\/wp-content\/uploads\/2024\/01\/1-scaled.webp",100,75,false],"woocommerce_thumbnail":["https:\/\/venturis.com.ar\/wp-content\/uploads\/2024\/01\/1-300x300.webp",300,300,true],"woocommerce_single":["https:\/\/venturis.com.ar\/wp-content\/uploads\/2024\/01\/1-600x450.webp",600,450,true],"woocommerce_gallery_thumbnail":["https:\/\/venturis.com.ar\/wp-content\/uploads\/2024\/01\/1-100x100.webp",100,100,true]},"uagb_author_info":{"display_name":"Melisa Parajon","author_link":"https:\/\/venturis.com.ar\/?author=0"},"uagb_comment_info":0,"uagb_excerpt":"Abanico estandar + llavero + funda \ud83d\udcd0 Caracter\u00edsticas Medidas: Abierto: 44 cm ancho x 24 cm alto Cerrado: 3,8 cm ancho x 24 cm alto Materiales: Varillas de madera MDF Tela de poli\u00e9ster sublimada de alta calidad Pulsera de agarre de ecocuero suave \ud83c\udf81 Incluye: Llavero de seda de regalo Mosquet\u00f3n para colgar en mochila,&hellip;","jetpack_sharing_enabled":true,"_links":{"self":[{"href":"https:\/\/venturis.com.ar\/index.php?rest_route=\/wp\/v2\/product\/3197","targetHints":{"allow":["GET"]}}],"collection":[{"href":"https:\/\/venturis.com.ar\/index.php?rest_route=\/wp\/v2\/product"}],"about":[{"href":"https:\/\/venturis.com.ar\/index.php?rest_route=\/wp\/v2\/types\/product"}],"replies":[{"embeddable":true,"href":"https:\/\/venturis.com.ar\/index.php?rest_route=%2Fwp%2Fv2%2Fcomments&post=3197"}],"wp:featuredmedia":[{"embeddable":true,"href":"https:\/\/venturis.com.ar\/index.php?rest_route=\/wp\/v2\/media\/3202"}],"wp:attachment":[{"href":"https:\/\/venturis.com.ar\/index.php?rest_route=%2Fwp%2Fv2%2Fmedia&parent=3197"}],"wp:term":[{"taxonomy":"product_brand","embeddable":true,"href":"https:\/\/venturis.com.ar\/index.php?rest_route=%2Fwp%2Fv2%2Fproduct_brand&post=3197"},{"taxonomy":"product_cat","embeddable":true,"href":"https:\/\/venturis.com.ar\/index.php?rest_route=%2Fwp%2Fv2%2Fproduct_cat&post=3197"},{"taxonomy":"product_tag","embeddable":true,"href":"https:\/\/venturis.com.ar\/index.php?rest_route=%2Fwp%2Fv2%2Fproduct_tag&post=3197"}],"curies":[{"name":"wp","href":"https:\/\/api.w.org\/{rel}","templated":true}]}}