{"id":4360,"date":"2025-07-30T21:21:04","date_gmt":"2025-07-31T00:21:04","guid":{"rendered":"https:\/\/venturis.com.ar\/?page_id=4360"},"modified":"2026-04-07T20:32:22","modified_gmt":"2026-04-07T23:32:22","slug":"abanicos-personalizados-por-mayor","status":"publish","type":"page","link":"https:\/\/venturis.com.ar\/?page_id=4360","title":{"rendered":"abanicos personalizados por mayor"},"content":{"rendered":"\n<div class=\"wp-block-uagb-container uagb-layout-flex uagb-block-scimqmro default uagb-is-root-container\">\n<div class=\"wp-block-uagb-container uagb-block-gzixt6uq\">\n<header class=\"wp-block-uagb-info-box uagb-block-qrffq2c4 uagb-infobox__content-wrap  uagb-infobox-icon-above-title uagb-infobox-image-valign-top\"><div class=\"uagb-ifb-content\"><div class=\"uagb-ifb-title-wrap\"><h1 class=\"uagb-ifb-title\">Abanicos personalizados<\/h1><\/div><\/div><\/header>\n\n\n\n<div class=\"wp-block-uagb-container uagb-block-tfe2pkof\">\n<div class=\"wp-block-uagb-info-box uagb-block-hqtv4ttx uagb-infobox__content-wrap  uagb-infobox-icon-above-title uagb-infobox-image-valign-top\"><div class=\"uagb-ifb-content\"><div class=\"uagb-ifb-title-wrap\"><\/div><p class=\"uagb-ifb-desc\">El merchandising perfecto para tu evento, marca o celebraci\u00f3n. Sorprend\u00e9 a tu p\u00fablico con un abanico personalizado que es la \u00faltima tendencia y que adem\u00e1s es s\u00faper funcional.<br>M\u00ednimo 25 unidades.<\/p><\/div><\/div>\n<\/div>\n<\/div>\n\n\n\n<div class=\"wp-block-jetpack-send-a-message\">\n<div class=\"wp-block-jetpack-whatsapp-button aligncenter is-color-dark\"><a class=\"whatsapp-block__button\" href=\"https:\/\/api.whatsapp.com\/send?phone=543813867019&amp;text=Hola%20Venturis!%20he%20le%C3%ADdo%20toda%20la%20informaci%C3%B3n%20de%20abanicos%20personalizados%20y%20quiero%20una%20cotizaci%C3%B3n%20\" style=\"background-color:#25D366;color:#fff\" target=\"_self\" rel=\"noopener noreferrer\">Hac\u00e9 tu pedido de abanicos aqu\u00ed<\/a><\/div>\n<\/div>\n<\/div>\n\n\n\n<div class=\"wp-block-jetpack-send-a-message\"><\/div>\n\n\n\n<div class=\"wp-block-uagb-advanced-heading uagb-block-e16caeb9\"><h2 class=\"uagb-heading-text\">Deseamos que elijas los abanicos ideales para vos, por eso lee con atenci\u00f3n la siguiente informaci\u00f3n:<\/h2><\/div>\n\n\n\n<p><\/p>\n\n\n\n<p class=\"has-text-align-left has-small-font-size\"><strong>* cantidad m\u00ednima 25 unidades.<\/strong><br><strong>*se estampa un dise\u00f1o cada 10 abanicos (podes estampar lo que quieras).<\/strong><br><strong>*leer con atenci\u00f3n las condiciones al final del documento.<\/strong><\/p>\n\n\n\n<div class=\"wp-block-uagb-image alignleft uagb-block-2267be0a wp-block-uagb-image--layout-default wp-block-uagb-image--effect-static wp-block-uagb-image--align-left\"><figure class=\"wp-block-uagb-image__figure\"><img decoding=\"async\" srcset=\"https:\/\/venturis.com.ar\/wp-content\/uploads\/2026\/02\/1-1-819x1024.png ,https:\/\/venturis.com.ar\/wp-content\/uploads\/2026\/02\/1-1.png 780w, https:\/\/venturis.com.ar\/wp-content\/uploads\/2026\/02\/1-1.png 360w\" sizes=\"auto, (max-width: 480px) 150px\" src=\"https:\/\/venturis.com.ar\/wp-content\/uploads\/2026\/02\/1-1-819x1024.png\" alt=\"\" class=\"uag-image-4877\" width=\"414\" height=\"479\" title=\"1\" loading=\"lazy\" role=\"img\"\/><\/figure><\/div>\n\n\n\n<div class=\"wp-block-uagb-image alignright uagb-block-60fc139e wp-block-uagb-image--layout-default wp-block-uagb-image--effect-static wp-block-uagb-image--align-right\"><figure class=\"wp-block-uagb-image__figure\"><img decoding=\"async\" srcset=\"https:\/\/venturis.com.ar\/wp-content\/uploads\/2026\/02\/2-819x1024.png ,https:\/\/venturis.com.ar\/wp-content\/uploads\/2026\/02\/2.png 780w, https:\/\/venturis.com.ar\/wp-content\/uploads\/2026\/02\/2.png 360w\" sizes=\"auto, (max-width: 480px) 150px\" src=\"https:\/\/venturis.com.ar\/wp-content\/uploads\/2026\/02\/2-819x1024.png\" alt=\"\" class=\"uag-image-4878\" width=\"415\" height=\"477\" title=\"2\" loading=\"lazy\" role=\"img\"\/><\/figure><\/div>\n\n\n\n<h2 class=\"wp-block-heading has-text-align-center has-ast-global-color-4-color has-ast-global-color-6-background-color has-text-color has-background has-link-color has-medium-font-size wp-elements-de6228a70fe3f6355c0e19a850d2d68a\" style=\"border-radius:6px;padding-top:var(--wp--preset--spacing--40);padding-bottom:var(--wp--preset--spacing--40)\">TENEMOS DOS TIPOS DE ABANICOS:<\/h2>\n\n\n\n<h2 class=\"wp-block-heading has-text-align-center has-black-color has-text-color has-background has-link-color has-medium-font-size wp-elements-bf8c2dbdafa7a08c7e9faab977eb0462\" style=\"border-radius:6px;background-color:#bee729;padding-top:var(--wp--preset--spacing--20);padding-bottom:var(--wp--preset--spacing--20)\">DE MDF Y DE PL\u00c1STICO<\/h2>\n\n\n\n<figure style=\"font-style:normal;font-weight:100\" class=\"wp-block-table has-small-font-size\"><table class=\"has-background has-border-color\" style=\"background-color:#bfe82a00;border-color:#bee729;border-width:2px\"><tbody><tr><td><strong>Caracter\u00edsticas<\/strong><\/td><td class=\"has-text-align-left\" data-align=\"left\"><strong>estructura de MDF<\/strong><\/td><td class=\"has-text-align-left\" data-align=\"left\"><strong>estructura de Pl\u00e1stico <\/strong><\/td><\/tr><tr><td>varillas<\/td><td class=\"has-text-align-left\" data-align=\"left\">8 varillas<\/td><td class=\"has-text-align-left\" data-align=\"left\">8 varillas de pl\u00e1stico reciclado<\/td><\/tr><tr><td>Flexibilidad<\/td><td class=\"has-text-align-left\" data-align=\"left\">no<\/td><td class=\"has-text-align-left\" data-align=\"left\">si<\/td><\/tr><tr><td>Impermeabilidad<\/td><td class=\"has-text-align-left\" data-align=\"left\">no<\/td><td class=\"has-text-align-left\" data-align=\"left\">si<\/td><\/tr><tr><td>estampado<\/td><td class=\"has-text-align-left\" data-align=\"left\">sin l\u00edmites<\/td><td class=\"has-text-align-left\" data-align=\"left\">sin l\u00edmites<\/td><\/tr><tr><td>grabado<\/td><td class=\"has-text-align-left\" data-align=\"left\"> si<\/td><td class=\"has-text-align-left\" data-align=\"left\">si<\/td><\/tr><tr><td>pulsera de agarre<\/td><td class=\"has-text-align-left\" data-align=\"left\">si<\/td><td class=\"has-text-align-left\" data-align=\"left\">si<\/td><\/tr><\/tbody><\/table><\/figure>\n\n\n\n<div class=\"wp-block-uagb-separator uagb-block-3cea0c53\"><div class=\"uagb-separator-spacing-wrapper\"><div class=\"wp-block-uagb-separator__inner\" style=\"--my-background-image:\"><\/div><\/div><\/div>\n\n\n\n<div class=\"wp-block-jetpack-send-a-message\">\n<div class=\"wp-block-jetpack-whatsapp-button aligncenter is-color-dark\"><a class=\"whatsapp-block__button\" href=\"https:\/\/api.whatsapp.com\/send?phone=543813867019&amp;text=Hola%20Venturis!%20he%20le%C3%ADdo%20toda%20la%20informaci%C3%B3n%20de%20abanicos%20personalizados%20y%20quiero%20una%20cotizaci%C3%B3n%20\" style=\"background-color:#25D366;color:#fff\" target=\"_self\" rel=\"noopener noreferrer\">Cotiz\u00e1 tus abanicos por Whatsapp<\/a><\/div>\n<\/div>\n\n\n\n<div class=\"wp-block-uagb-separator uagb-block-be6179c3\"><div class=\"uagb-separator-spacing-wrapper\"><div class=\"wp-block-uagb-separator__inner\" style=\"--my-background-image:\"><\/div><\/div><\/div>\n\n\n\n<h2 class=\"wp-block-heading has-text-align-center has-ast-global-color-4-color has-ast-global-color-6-background-color has-text-color has-background has-link-color has-medium-font-size wp-elements-aeb7e45b6711e755768a13415d2cccc9\" style=\"border-radius:6px;padding-top:var(--wp--preset--spacing--30);padding-bottom:var(--wp--preset--spacing--30)\">SOBRE EL DISE\u00d1O<\/h2>\n\n\n\n<p>Generalmente el dise\u00f1o lo env\u00eda el cliente ya listo.<br>Nosotros compartimos una gu\u00eda gr\u00e1fica con el tama\u00f1o y formato correctos para producci\u00f3n. <br>\ud83d\udc49 Si no ten\u00e9s dise\u00f1o propio, contamos con dise\u00f1os personalizables: se puede cambiar color de fondo, sumar logo, frases, etc. <br><br>\ud83e\udd73 Tambi\u00e9n podemos crear tu dise\u00f1o desde cero. <br>\ud83c\udfa8 Valor del dise\u00f1o personalizable: $26.000 (hasta 2 cambios) <br>\ud83c\udfa8 Valor del dise\u00f1o desde cero: $28.000 (hasta 2 cambios) <br><br>\ud83e\udead En todos los dise\u00f1os eleg\u00eds tama\u00f1o y color de varilla.<br><br><strong>Abanicos ne\u00f3n <\/strong>tiene un 5% extra por uso de tinta ne\u00f3n.<br><strong>Sublimado doble<\/strong> (ambos lados de la tela) tiene un costo de 10% extra.<\/p>\n\n\n\n<h2 class=\"wp-block-heading has-text-align-center has-ast-global-color-4-color has-ast-global-color-6-background-color has-text-color has-background has-link-color has-medium-font-size wp-elements-2fbce85caee41276bd46cb2b3002f32c\" style=\"border-radius:6px;padding-top:var(--wp--preset--spacing--30);padding-bottom:var(--wp--preset--spacing--30)\">CARACTER\u00cdSTICAS DE ABANICOS DE PL\u00c1STICO<\/h2>\n\n\n\n<h2 class=\"wp-block-heading has-text-align-center has-black-color has-text-color has-background has-link-color has-medium-font-size wp-elements-72a57c98399bc7dca7bbc225969f4d4d\" style=\"border-radius:6px;background-color:#bee729;padding-top:var(--wp--preset--spacing--20);padding-bottom:var(--wp--preset--spacing--20)\">TAMA\u00d1OS DE ABANICOS<\/h2>\n\n\n\n<figure style=\"font-style:normal;font-weight:100\" class=\"wp-block-table has-small-font-size\"><table class=\"has-background has-border-color has-fixed-layout\" style=\"background-color:#bfe82a00;border-color:#bee729;border-width:2px\"><tbody><tr><td><\/td><td class=\"has-text-align-center\" data-align=\"center\"><strong>ABIERTO<\/strong><\/td><td class=\"has-text-align-center\" data-align=\"center\"><strong>CERRADO<\/strong><\/td><\/tr><tr><td><strong>POCKET<\/strong><\/td><td class=\"has-text-align-center\" data-align=\"center\">20 X 38 CM<\/td><td class=\"has-text-align-center\" data-align=\"center\">20 X 3 CM<\/td><\/tr><tr><td><strong>ESTANDAR<\/strong><\/td><td class=\"has-text-align-center\" data-align=\"center\">22 X 42 CM<\/td><td class=\"has-text-align-center\" data-align=\"center\">22 X 3 CM<\/td><\/tr><\/tbody><\/table><\/figure>\n\n\n\n<div class=\"wp-block-uagb-separator uagb-block-76a1a07f\"><div class=\"uagb-separator-spacing-wrapper\"><div class=\"wp-block-uagb-separator__inner\" style=\"--my-background-image:\"><\/div><\/div><\/div>\n\n\n\n<div class=\"wp-block-uagb-image uagb-block-fa307b94 wp-block-uagb-image--layout-default wp-block-uagb-image--effect-static wp-block-uagb-image--align-none\"><figure class=\"wp-block-uagb-image__figure\"><img decoding=\"async\" srcset=\"https:\/\/venturis.com.ar\/wp-content\/uploads\/2025\/08\/plastico-1.jpg ,https:\/\/venturis.com.ar\/wp-content\/uploads\/2025\/08\/plastico-1.jpg 780w, https:\/\/venturis.com.ar\/wp-content\/uploads\/2025\/08\/plastico-1.jpg 360w\" sizes=\"auto, (max-width: 480px) 150px\" src=\"https:\/\/venturis.com.ar\/wp-content\/uploads\/2025\/08\/plastico-1.jpg\" alt=\"\" class=\"uag-image-4600\" width=\"567\" height=\"592\" title=\"plastico\" loading=\"lazy\" role=\"img\"\/><\/figure><\/div>\n\n\n\n<div class=\"wp-block-uagb-separator uagb-block-f6b77cea\"><div class=\"uagb-separator-spacing-wrapper\"><div class=\"wp-block-uagb-separator__inner\" style=\"--my-background-image:\"><\/div><\/div><\/div>\n\n\n\n<h2 class=\"wp-block-heading has-text-align-center has-black-color has-text-color has-background has-link-color has-medium-font-size wp-elements-5984d9d8a5cc1d88d1de043e6ad3e96d\" style=\"border-radius:6px;background-color:#bee729;padding-top:var(--wp--preset--spacing--20);padding-bottom:var(--wp--preset--spacing--20)\"><strong><em>Escala de precios de abanicos de pl\u00e1stico<\/em><\/strong><\/h2>\n\n\n\n<p class=\"has-text-align-center\"><strong><em>Precios por unidad<\/em><\/strong> &#8211; <strong>Cantidad m\u00ednima: 25 unidades.<\/strong><\/p>\n\n\n\n<figure style=\"font-size:10px;font-style:normal;font-weight:100\" class=\"wp-block-table\"><table class=\"has-background has-border-color has-fixed-layout\" style=\"background-color:#bfe82a00;border-color:#bee729;border-width:2px\"><tbody><tr><td><strong>UNIDADES<\/strong><\/td><td><strong><em>POCKE<\/em>T<\/strong><\/td><td><strong><em>ESTANDAR<\/em><\/strong><\/td><\/tr><tr><td><strong>25 a 40 unidades<\/strong><\/td><td><strong>$6,565.00<\/strong><\/td><td><strong>$8,000.00<\/strong><\/td><\/tr><tr><td><strong>41 a 75 unidades<\/strong><\/td><td><strong>$6,068.00<\/strong><\/td><td><strong>$7,375.00<\/strong><\/td><\/tr><tr><td><strong>76 a 120 unidades<\/strong><\/td><td><strong>$5,570.00<\/strong><\/td><td><strong>$6,750.00<\/strong><\/td><\/tr><tr><td><strong>121 a 150 unidades<\/strong><\/td><td><strong>$5,275.00<\/strong><\/td><td><strong>$6,395.00<\/strong><\/td><\/tr><tr><td><strong>151 a 300 unidades<\/strong><\/td><td><strong>$4,980.00<\/strong><\/td><td><strong>$6,040.00<\/strong><\/td><\/tr><tr><td><strong>301 a 500 unidades<\/strong><\/td><td><strong>$4,855.00<\/strong><\/td><td><strong>$5,895.00<\/strong><\/td><\/tr><tr><td><strong>+ unidades consultar<\/strong><\/td><td><\/td><td><\/td><\/tr><\/tbody><\/table><\/figure>\n\n\n\n<p class=\"has-text-align-center has-small-font-size\">*ESTAMPADO PERSONALIZADO, 8 VARILLAS DE PL\u00c1STICO, CON PULSERA DE AGARRE Y CON GRABADO EN VARILLA<\/p>\n\n\n\n<div class=\"wp-block-uagb-separator uagb-block-2911bf4c\"><div class=\"uagb-separator-spacing-wrapper\"><div class=\"wp-block-uagb-separator__inner\" style=\"--my-background-image:\"><\/div><\/div><\/div>\n\n\n\n<div class=\"wp-block-jetpack-send-a-message\">\n<div class=\"wp-block-jetpack-whatsapp-button aligncenter is-color-dark\"><a class=\"whatsapp-block__button\" href=\"https:\/\/api.whatsapp.com\/send?phone=543813867019&amp;text=Hola%20Venturis!%20he%20le%C3%ADdo%20toda%20la%20informaci%C3%B3n%20de%20abanicos%20personalizados%20y%20quiero%20una%20cotizaci%C3%B3n%20\" style=\"background-color:#25D366;color:#fff\" target=\"_self\" rel=\"noopener noreferrer\">Cotiz\u00e1 tus abanicos por Whatsapp<\/a><\/div>\n<\/div>\n\n\n\n<h2 class=\"wp-block-heading has-text-align-center has-ast-global-color-4-color has-ast-global-color-6-background-color has-text-color has-background has-link-color has-medium-font-size wp-elements-d23277f6978644e1193a3151a0311bdd\" style=\"border-radius:6px;padding-top:var(--wp--preset--spacing--30);padding-bottom:var(--wp--preset--spacing--30)\">CARACTER\u00cdSTICAS DE ABANICOS DE MDF<\/h2>\n\n\n\n<h2 class=\"wp-block-heading has-text-align-center has-black-color has-text-color has-background has-link-color has-medium-font-size wp-elements-72a57c98399bc7dca7bbc225969f4d4d\" style=\"border-radius:6px;background-color:#bee729;padding-top:var(--wp--preset--spacing--20);padding-bottom:var(--wp--preset--spacing--20)\">TAMA\u00d1OS DE ABANICOS<\/h2>\n\n\n\n<figure style=\"font-style:normal;font-weight:100\" class=\"wp-block-table has-small-font-size\"><table class=\"has-background has-border-color has-fixed-layout\" style=\"background-color:#bfe82a00;border-color:#bee729;border-width:2px\"><tbody><tr><td><\/td><td class=\"has-text-align-center\" data-align=\"center\"><strong>ABIERTO<\/strong><\/td><td class=\"has-text-align-center\" data-align=\"center\"><strong>CERRADO<\/strong><\/td><\/tr><tr><td><strong>POCKET<\/strong><\/td><td class=\"has-text-align-center\" data-align=\"center\">19,5 X 34,5 CM<\/td><td class=\"has-text-align-center\" data-align=\"center\">19,5 X 3 CM<\/td><\/tr><tr><td><strong>ESTANDAR<\/strong><\/td><td class=\"has-text-align-center\" data-align=\"center\">25 X 45 CM<\/td><td class=\"has-text-align-center\" data-align=\"center\">25 X 3,8 CM<\/td><\/tr><tr><td><strong>XL<\/strong><\/td><td class=\"has-text-align-center\" data-align=\"center\">(48 cm \u00d7 27 cm)<\/td><td class=\"has-text-align-center\" data-align=\"center\">27 X 4 CM<\/td><\/tr><\/tbody><\/table><\/figure>\n\n\n\n<div class=\"wp-block-uagb-separator uagb-block-10ff3666\"><div class=\"uagb-separator-spacing-wrapper\"><div class=\"wp-block-uagb-separator__inner\" style=\"--my-background-image:\"><\/div><\/div><\/div>\n\n\n\n<div class=\"wp-block-uagb-image uagb-block-8768e53f wp-block-uagb-image--layout-default wp-block-uagb-image--effect-static wp-block-uagb-image--align-none\"><figure class=\"wp-block-uagb-image__figure\"><img decoding=\"async\" srcset=\"https:\/\/venturis.com.ar\/wp-content\/uploads\/2025\/11\/MDF-CARACTERISTICAS-1024x1024.png ,https:\/\/venturis.com.ar\/wp-content\/uploads\/2025\/11\/MDF-CARACTERISTICAS.png 780w, https:\/\/venturis.com.ar\/wp-content\/uploads\/2025\/11\/MDF-CARACTERISTICAS.png 360w\" sizes=\"auto, (max-width: 480px) 150px\" src=\"https:\/\/venturis.com.ar\/wp-content\/uploads\/2025\/11\/MDF-CARACTERISTICAS-1024x1024.png\" alt=\"\" class=\"uag-image-4729\" width=\"574\" height=\"574\" title=\"MDF CARACTERISTICAS\" loading=\"lazy\" role=\"img\"\/><\/figure><\/div>\n\n\n\n<div class=\"wp-block-uagb-separator uagb-block-2940f6e3\"><div class=\"uagb-separator-spacing-wrapper\"><div class=\"wp-block-uagb-separator__inner\" style=\"--my-background-image:\"><\/div><\/div><\/div>\n\n\n\n<h2 class=\"wp-block-heading has-text-align-center has-black-color has-text-color has-background has-link-color has-medium-font-size wp-elements-a0a52d4ef9836b52fb508d0f233dd006\" style=\"border-radius:6px;background-color:#bee729;padding-top:var(--wp--preset--spacing--20);padding-bottom:var(--wp--preset--spacing--20)\"><strong><em>ESCALA DE PRECIOS DE ABANICOS <\/em><\/strong>MDF<\/h2>\n\n\n\n<p class=\"has-text-align-center\"><strong><em>Precios por unidad<\/em><\/strong> &#8211; <strong>Cantidad m\u00ednima: 25 unidades.<\/strong><\/p>\n\n\n\n<figure style=\"font-size:10px;font-style:normal;font-weight:100\" class=\"wp-block-table\"><table class=\"has-background has-border-color has-fixed-layout\" style=\"background-color:#bfe82a00;border-color:#bee729;border-width:2px\"><tbody><tr><td><strong>UNIDADES<\/strong><\/td><td><strong><em>POCKE<\/em>T<\/strong><\/td><td><strong><em>ESTANDAR<\/em><\/strong><\/td><td><strong>XL<\/strong><\/td><\/tr><tr><td><strong>25 a 40 unidades<\/strong><\/td><td><strong>$6,565.00<\/strong><\/td><td><strong>$8,000.00<\/strong><\/td><td><strong>$9,680.00<\/strong><\/td><\/tr><tr><td><strong>41 a 75 unidades<\/strong><\/td><td><strong>$6,068.00<\/strong><\/td><td><strong>$7,375.00<\/strong><\/td><td><strong>$8,955.00<\/strong><\/td><\/tr><tr><td><strong>76 a 120 unidades<\/strong><\/td><td><strong>$5,570.00<\/strong><\/td><td><strong>$6,750.00<\/strong><\/td><td><strong>$8,230.00<\/strong><\/td><\/tr><tr><td><strong>121 a 150 unidades<\/strong><\/td><td><strong>$5,275.00<\/strong><\/td><td><strong>$6,395.00<\/strong><\/td><td><strong>$7,790.00<\/strong><\/td><\/tr><tr><td><strong>151 a 300 unidades<\/strong><\/td><td><strong>$4,980.00<\/strong><\/td><td><strong>$6,040.00<\/strong><\/td><td><strong>$7,350.00<\/strong><\/td><\/tr><tr><td><strong>301 a 500 unidades<\/strong><\/td><td><strong>$4,855.00<\/strong><\/td><td><strong>$5,895.00<\/strong><\/td><td><strong>$7,175.00<\/strong><\/td><\/tr><tr><td><strong>+ unidades consultar<\/strong><\/td><td><\/td><td><\/td><td><\/td><\/tr><\/tbody><\/table><\/figure>\n\n\n\n<p class=\"has-text-align-center has-small-font-size\">*ESTAMPADO PERSONALIZADO, 8 VARILLAS DE PL\u00c1STICO, CON PULSERA DE AGARRE Y CON GRABADO EN VARILLA<\/p>\n\n\n\n<div class=\"wp-block-uagb-separator uagb-block-fddfcc83\"><div class=\"uagb-separator-spacing-wrapper\"><div class=\"wp-block-uagb-separator__inner\" style=\"--my-background-image:\"><\/div><\/div><\/div>\n\n\n\n<h2 class=\"wp-block-heading has-text-align-center has-ast-global-color-4-color has-ast-global-color-6-background-color has-text-color has-background has-link-color has-medium-font-size wp-elements-b288aaef65fac034aea32b93d917f33a\" style=\"border-radius:6px;padding-top:var(--wp--preset--spacing--30);padding-bottom:var(--wp--preset--spacing--30)\"><strong>BOLSAS DE ABANICOS PERSONALIZADAS<\/strong><\/h2>\n\n\n\n<p class=\"has-text-align-center\"><strong><em>Precios por unidad<\/em><\/strong> <strong>&#8211; tela poli\u00e9ster<\/strong><\/p>\n\n\n\n<figure style=\"font-style:normal;font-weight:100\" class=\"wp-block-table has-small-font-size\"><table class=\"has-background has-border-color has-fixed-layout\" style=\"background-color:#bfe82a00;border-color:#bee729;border-width:2px\"><tbody><tr><td><strong>BOLSAS<\/strong><\/td><td><strong>PRECIO UNITARIO<\/strong><\/td><\/tr><tr><td><strong>LISAS (NEGRAS O BLANCAS)<\/strong><\/td><td><strong>$ 2.000<\/strong><\/td><\/tr><tr><td><strong>ESTAMPADAS<\/strong><\/td><td><strong>$ 2.350<\/strong><\/td><\/tr><\/tbody><\/table><\/figure>\n\n\n\n<p><\/p>\n\n\n\n<h2 class=\"wp-block-heading has-text-align-center has-medium-font-size\"><strong>T\u00c9RMINOS Y CONDICIONES<\/strong><\/h2>\n\n\n\n<ul class=\"wp-block-list\">\n<li>Estas escalas de precios pueden modificarse sin previo aviso.<\/li>\n\n\n\n<li>El dise\u00f1o debe ser provisto por el cliente. En caso de solicitar un dise\u00f1o, se cobrar\u00e1 como servicio extra.<\/li>\n\n\n\n<li>Podemos entregar Factura&#8221;C&#8221;. En caso de necesitarla, solicitar.<\/li>\n\n\n\n<li>Se debe abonar el 60% de se\u00f1a para empezar a producir y el 40% restante, una vez listo el pedido.<\/li>\n\n\n\n<li>El env\u00edo no se encuentra incluido en el precio. El env\u00edo ser\u00e1 acordado con el cliente<\/li>\n\n\n\n<li>La fecha de entrega ser\u00e1 pactada con el cliente, teniendo en cuenta que el tiempo de producci\u00f3n puede ser de <strong>10 a 25 d\u00edas h\u00e1biles o m\u00e1s.<\/strong><\/li>\n\n\n\n<li>Modalidad de pago: Dep\u00f3sito Bancario \/ Transferencia Bancaria.<\/li>\n\n\n\n<li>No abonar hasta tanto el pedido no se encuentre confirmado, y no se haya confirmado el importe total, ni la cuenta bancaria.<\/li>\n\n\n\n<li>El presente listado de precios puede ser actualizado sin previo aviso.<\/li>\n<\/ul>\n\n\n\n<div class=\"wp-block-uagb-separator uagb-block-d81f4ee8\"><div class=\"uagb-separator-spacing-wrapper\"><div class=\"wp-block-uagb-separator__inner\" style=\"--my-background-image:\"><\/div><\/div><\/div>\n\n\n\n<div class=\"wp-block-jetpack-send-a-message\">\n<div class=\"wp-block-jetpack-whatsapp-button is-color-dark\"><a class=\"whatsapp-block__button\" href=\"https:\/\/api.whatsapp.com\/send?phone=543813867019&amp;text=Hola%20Venturis!%20he%20le%C3%ADdo%20toda%20la%20informaci%C3%B3n%20de%20abanicos%20personalizados%20y%20quiero%20una%20cotizaci%C3%B3n%20\" style=\"background-color:#25D366;color:#fff\" target=\"_self\" rel=\"noopener noreferrer\">Hac\u00e9 tu pedido de abanicos personalizados aqu\u00ed<\/a><\/div>\n<\/div>\n\n\n\n<div class=\"wp-block-jetpack-slideshow alignfull\" data-effect=\"slide\" style=\"--aspect-ratio:calc(768 \/ 1024)\"><div class=\"wp-block-jetpack-slideshow_container swiper\"><ul class=\"wp-block-jetpack-slideshow_swiper-wrapper swiper-wrapper\"><li class=\"wp-block-jetpack-slideshow_slide swiper-slide\"><figure><img loading=\"lazy\" decoding=\"async\" width=\"768\" height=\"1024\" alt=\"\" class=\"wp-block-jetpack-slideshow_image wp-image-4607\" data-id=\"4607\" data-aspect-ratio=\"768 \/ 1024\" src=\"http:\/\/venturis.com.ar\/wp-content\/uploads\/2025\/08\/2f9e78e1-fe80-421e-b9bf-957a7f030ce7-1-768x1024.jpg\" srcset=\"https:\/\/venturis.com.ar\/wp-content\/uploads\/2025\/08\/2f9e78e1-fe80-421e-b9bf-957a7f030ce7-1-768x1024.jpg 768w, https:\/\/venturis.com.ar\/wp-content\/uploads\/2025\/08\/2f9e78e1-fe80-421e-b9bf-957a7f030ce7-1-225x300.jpg 225w, https:\/\/venturis.com.ar\/wp-content\/uploads\/2025\/08\/2f9e78e1-fe80-421e-b9bf-957a7f030ce7-1-1152x1536.jpg 1152w, https:\/\/venturis.com.ar\/wp-content\/uploads\/2025\/08\/2f9e78e1-fe80-421e-b9bf-957a7f030ce7-1-38x50.jpg 38w, https:\/\/venturis.com.ar\/wp-content\/uploads\/2025\/08\/2f9e78e1-fe80-421e-b9bf-957a7f030ce7-1-75x100.jpg 75w, https:\/\/venturis.com.ar\/wp-content\/uploads\/2025\/08\/2f9e78e1-fe80-421e-b9bf-957a7f030ce7-1-600x800.jpg 600w, https:\/\/venturis.com.ar\/wp-content\/uploads\/2025\/08\/2f9e78e1-fe80-421e-b9bf-957a7f030ce7-1.jpg 1200w\" sizes=\"(max-width: 768px) 100vw, 768px\" \/><figcaption class=\"wp-block-jetpack-slideshow_caption gallery-caption\">Modelo MDF estandar<\/figcaption><\/figure><\/li><li class=\"wp-block-jetpack-slideshow_slide swiper-slide\"><figure><img loading=\"lazy\" decoding=\"async\" width=\"768\" height=\"1024\" alt=\"\" class=\"wp-block-jetpack-slideshow_image wp-image-4609\" data-id=\"4609\" data-aspect-ratio=\"768 \/ 1024\" src=\"http:\/\/venturis.com.ar\/wp-content\/uploads\/2025\/08\/40b6a9d7-bbd1-4a94-853f-2e185ec63415-1-768x1024.jpg\" srcset=\"https:\/\/venturis.com.ar\/wp-content\/uploads\/2025\/08\/40b6a9d7-bbd1-4a94-853f-2e185ec63415-1-768x1024.jpg 768w, https:\/\/venturis.com.ar\/wp-content\/uploads\/2025\/08\/40b6a9d7-bbd1-4a94-853f-2e185ec63415-1-225x300.jpg 225w, https:\/\/venturis.com.ar\/wp-content\/uploads\/2025\/08\/40b6a9d7-bbd1-4a94-853f-2e185ec63415-1-1152x1536.jpg 1152w, https:\/\/venturis.com.ar\/wp-content\/uploads\/2025\/08\/40b6a9d7-bbd1-4a94-853f-2e185ec63415-1-1536x2048.jpg 1536w, https:\/\/venturis.com.ar\/wp-content\/uploads\/2025\/08\/40b6a9d7-bbd1-4a94-853f-2e185ec63415-1-38x50.jpg 38w, https:\/\/venturis.com.ar\/wp-content\/uploads\/2025\/08\/40b6a9d7-bbd1-4a94-853f-2e185ec63415-1-75x100.jpg 75w, https:\/\/venturis.com.ar\/wp-content\/uploads\/2025\/08\/40b6a9d7-bbd1-4a94-853f-2e185ec63415-1-600x800.jpg 600w, https:\/\/venturis.com.ar\/wp-content\/uploads\/2025\/08\/40b6a9d7-bbd1-4a94-853f-2e185ec63415-1-scaled.jpg 1920w\" sizes=\"(max-width: 768px) 100vw, 768px\" \/><figcaption class=\"wp-block-jetpack-slideshow_caption gallery-caption\">Modelo MDF estandar<\/figcaption><\/figure><\/li><li class=\"wp-block-jetpack-slideshow_slide swiper-slide\"><figure><img loading=\"lazy\" decoding=\"async\" width=\"768\" height=\"1024\" alt=\"\" class=\"wp-block-jetpack-slideshow_image wp-image-4608\" data-id=\"4608\" data-aspect-ratio=\"768 \/ 1024\" src=\"http:\/\/venturis.com.ar\/wp-content\/uploads\/2025\/08\/87d0ff35-b2a3-4545-ae98-14f3bb268efb-1-768x1024.jpg\" srcset=\"https:\/\/venturis.com.ar\/wp-content\/uploads\/2025\/08\/87d0ff35-b2a3-4545-ae98-14f3bb268efb-1-768x1024.jpg 768w, https:\/\/venturis.com.ar\/wp-content\/uploads\/2025\/08\/87d0ff35-b2a3-4545-ae98-14f3bb268efb-1-225x300.jpg 225w, https:\/\/venturis.com.ar\/wp-content\/uploads\/2025\/08\/87d0ff35-b2a3-4545-ae98-14f3bb268efb-1-1152x1536.jpg 1152w, https:\/\/venturis.com.ar\/wp-content\/uploads\/2025\/08\/87d0ff35-b2a3-4545-ae98-14f3bb268efb-1-38x50.jpg 38w, https:\/\/venturis.com.ar\/wp-content\/uploads\/2025\/08\/87d0ff35-b2a3-4545-ae98-14f3bb268efb-1-75x100.jpg 75w, https:\/\/venturis.com.ar\/wp-content\/uploads\/2025\/08\/87d0ff35-b2a3-4545-ae98-14f3bb268efb-1-600x800.jpg 600w, https:\/\/venturis.com.ar\/wp-content\/uploads\/2025\/08\/87d0ff35-b2a3-4545-ae98-14f3bb268efb-1.jpg 1200w\" sizes=\"(max-width: 768px) 100vw, 768px\" \/><\/figure><\/li><li class=\"wp-block-jetpack-slideshow_slide swiper-slide\"><figure><img loading=\"lazy\" decoding=\"async\" width=\"576\" height=\"1024\" alt=\"\" class=\"wp-block-jetpack-slideshow_image wp-image-4610\" data-id=\"4610\" data-aspect-ratio=\"576 \/ 1024\" src=\"http:\/\/venturis.com.ar\/wp-content\/uploads\/2025\/08\/3623C502-EEF2-404B-8700-42A309D03291-1-576x1024.jpg\" srcset=\"https:\/\/venturis.com.ar\/wp-content\/uploads\/2025\/08\/3623C502-EEF2-404B-8700-42A309D03291-1-576x1024.jpg 576w, https:\/\/venturis.com.ar\/wp-content\/uploads\/2025\/08\/3623C502-EEF2-404B-8700-42A309D03291-1-169x300.jpg 169w, https:\/\/venturis.com.ar\/wp-content\/uploads\/2025\/08\/3623C502-EEF2-404B-8700-42A309D03291-1-768x1365.jpg 768w, https:\/\/venturis.com.ar\/wp-content\/uploads\/2025\/08\/3623C502-EEF2-404B-8700-42A309D03291-1-864x1536.jpg 864w, https:\/\/venturis.com.ar\/wp-content\/uploads\/2025\/08\/3623C502-EEF2-404B-8700-42A309D03291-1-1152x2048.jpg 1152w, https:\/\/venturis.com.ar\/wp-content\/uploads\/2025\/08\/3623C502-EEF2-404B-8700-42A309D03291-1-28x50.jpg 28w, https:\/\/venturis.com.ar\/wp-content\/uploads\/2025\/08\/3623C502-EEF2-404B-8700-42A309D03291-1-56x100.jpg 56w, https:\/\/venturis.com.ar\/wp-content\/uploads\/2025\/08\/3623C502-EEF2-404B-8700-42A309D03291-1-600x1067.jpg 600w, https:\/\/venturis.com.ar\/wp-content\/uploads\/2025\/08\/3623C502-EEF2-404B-8700-42A309D03291-1-scaled.jpg 1440w\" sizes=\"(max-width: 576px) 100vw, 576px\" \/><\/figure><\/li><li class=\"wp-block-jetpack-slideshow_slide swiper-slide\"><figure><img loading=\"lazy\" decoding=\"async\" width=\"1001\" height=\"1001\" alt=\"\" class=\"wp-block-jetpack-slideshow_image wp-image-4605\" data-id=\"4605\" data-aspect-ratio=\"1001 \/ 1001\" src=\"http:\/\/venturis.com.ar\/wp-content\/uploads\/2025\/08\/a09de535-b320-4ddb-ae16-a95ba852960e-1.jpeg\" srcset=\"https:\/\/venturis.com.ar\/wp-content\/uploads\/2025\/08\/a09de535-b320-4ddb-ae16-a95ba852960e-1.jpeg 1001w, https:\/\/venturis.com.ar\/wp-content\/uploads\/2025\/08\/a09de535-b320-4ddb-ae16-a95ba852960e-1-300x300.jpeg 300w, https:\/\/venturis.com.ar\/wp-content\/uploads\/2025\/08\/a09de535-b320-4ddb-ae16-a95ba852960e-1-150x150.jpeg 150w, https:\/\/venturis.com.ar\/wp-content\/uploads\/2025\/08\/a09de535-b320-4ddb-ae16-a95ba852960e-1-768x768.jpeg 768w, https:\/\/venturis.com.ar\/wp-content\/uploads\/2025\/08\/a09de535-b320-4ddb-ae16-a95ba852960e-1-50x50.jpeg 50w, https:\/\/venturis.com.ar\/wp-content\/uploads\/2025\/08\/a09de535-b320-4ddb-ae16-a95ba852960e-1-100x100.jpeg 100w, https:\/\/venturis.com.ar\/wp-content\/uploads\/2025\/08\/a09de535-b320-4ddb-ae16-a95ba852960e-1-600x600.jpeg 600w\" sizes=\"(max-width: 1001px) 100vw, 1001px\" \/><figcaption class=\"wp-block-jetpack-slideshow_caption gallery-caption\">Modelo MDF XL premium <\/figcaption><\/figure><\/li><li class=\"wp-block-jetpack-slideshow_slide swiper-slide\"><figure><img loading=\"lazy\" decoding=\"async\" width=\"1024\" height=\"1024\" alt=\"\" class=\"wp-block-jetpack-slideshow_image wp-image-4891\" data-id=\"4891\" data-aspect-ratio=\"1024 \/ 1024\" src=\"http:\/\/venturis.com.ar\/wp-content\/uploads\/2026\/02\/oid-mortales-copia-1-1024x1024.webp\" srcset=\"https:\/\/venturis.com.ar\/wp-content\/uploads\/2026\/02\/oid-mortales-copia-1-1024x1024.webp 1024w, https:\/\/venturis.com.ar\/wp-content\/uploads\/2026\/02\/oid-mortales-copia-1-300x300.webp 300w, https:\/\/venturis.com.ar\/wp-content\/uploads\/2026\/02\/oid-mortales-copia-1-150x150.webp 150w, https:\/\/venturis.com.ar\/wp-content\/uploads\/2026\/02\/oid-mortales-copia-1-768x768.webp 768w, https:\/\/venturis.com.ar\/wp-content\/uploads\/2026\/02\/oid-mortales-copia-1-50x50.webp 50w, https:\/\/venturis.com.ar\/wp-content\/uploads\/2026\/02\/oid-mortales-copia-1-100x100.webp 100w, https:\/\/venturis.com.ar\/wp-content\/uploads\/2026\/02\/oid-mortales-copia-1-600x600.webp 600w, https:\/\/venturis.com.ar\/wp-content\/uploads\/2026\/02\/oid-mortales-copia-1.webp 1080w\" sizes=\"(max-width: 1024px) 100vw, 1024px\" \/><\/figure><\/li><li class=\"wp-block-jetpack-slideshow_slide swiper-slide\"><figure><img loading=\"lazy\" decoding=\"async\" width=\"1024\" height=\"1024\" alt=\"\" class=\"wp-block-jetpack-slideshow_image wp-image-4890\" data-id=\"4890\" data-aspect-ratio=\"1024 \/ 1024\" src=\"http:\/\/venturis.com.ar\/wp-content\/uploads\/2026\/02\/llama-violeta-frase-copia-1-1024x1024.webp\" srcset=\"https:\/\/venturis.com.ar\/wp-content\/uploads\/2026\/02\/llama-violeta-frase-copia-1-1024x1024.webp 1024w, https:\/\/venturis.com.ar\/wp-content\/uploads\/2026\/02\/llama-violeta-frase-copia-1-300x300.webp 300w, https:\/\/venturis.com.ar\/wp-content\/uploads\/2026\/02\/llama-violeta-frase-copia-1-150x150.webp 150w, https:\/\/venturis.com.ar\/wp-content\/uploads\/2026\/02\/llama-violeta-frase-copia-1-768x768.webp 768w, https:\/\/venturis.com.ar\/wp-content\/uploads\/2026\/02\/llama-violeta-frase-copia-1-50x50.webp 50w, https:\/\/venturis.com.ar\/wp-content\/uploads\/2026\/02\/llama-violeta-frase-copia-1-100x100.webp 100w, https:\/\/venturis.com.ar\/wp-content\/uploads\/2026\/02\/llama-violeta-frase-copia-1-600x600.webp 600w, https:\/\/venturis.com.ar\/wp-content\/uploads\/2026\/02\/llama-violeta-frase-copia-1.webp 1080w\" sizes=\"(max-width: 1024px) 100vw, 1024px\" \/><\/figure><\/li><li class=\"wp-block-jetpack-slideshow_slide swiper-slide\"><figure><img loading=\"lazy\" decoding=\"async\" width=\"1024\" height=\"1024\" alt=\"\" class=\"wp-block-jetpack-slideshow_image wp-image-4889\" data-id=\"4889\" data-aspect-ratio=\"1024 \/ 1024\" src=\"http:\/\/venturis.com.ar\/wp-content\/uploads\/2026\/02\/llama-colores-1024x1024.webp\" srcset=\"https:\/\/venturis.com.ar\/wp-content\/uploads\/2026\/02\/llama-colores-1024x1024.webp 1024w, https:\/\/venturis.com.ar\/wp-content\/uploads\/2026\/02\/llama-colores-300x300.webp 300w, https:\/\/venturis.com.ar\/wp-content\/uploads\/2026\/02\/llama-colores-150x150.webp 150w, https:\/\/venturis.com.ar\/wp-content\/uploads\/2026\/02\/llama-colores-768x768.webp 768w, https:\/\/venturis.com.ar\/wp-content\/uploads\/2026\/02\/llama-colores-50x50.webp 50w, https:\/\/venturis.com.ar\/wp-content\/uploads\/2026\/02\/llama-colores-100x100.webp 100w, https:\/\/venturis.com.ar\/wp-content\/uploads\/2026\/02\/llama-colores-600x600.webp 600w, https:\/\/venturis.com.ar\/wp-content\/uploads\/2026\/02\/llama-colores.webp 1080w\" sizes=\"(max-width: 1024px) 100vw, 1024px\" \/><\/figure><\/li><\/ul><a class=\"wp-block-jetpack-slideshow_button-prev swiper-button-prev swiper-button-white\" role=\"button\"><\/a><a class=\"wp-block-jetpack-slideshow_button-next swiper-button-next swiper-button-white\" role=\"button\"><\/a><a aria-label=\"Pause Slideshow\" class=\"wp-block-jetpack-slideshow_button-pause\" role=\"button\"><\/a><div class=\"wp-block-jetpack-slideshow_pagination swiper-pagination swiper-pagination-white\"><\/div><\/div><\/div>\n","protected":false},"excerpt":{"rendered":"<p>Deseamos que elijas los abanicos ideales para vos, por eso lee con atenci\u00f3n la siguiente informaci\u00f3n: * cantidad m\u00ednima 25 unidades.*se estampa un dise\u00f1o cada 10 abanicos (podes estampar lo que quieras).*leer con atenci\u00f3n las condiciones al final del documento. TENEMOS DOS TIPOS DE ABANICOS: DE MDF Y DE PL\u00c1STICO Caracter\u00edsticas estructura de MDF estructura [&hellip;]<\/p>\n","protected":false},"author":2,"featured_media":4407,"parent":0,"menu_order":0,"comment_status":"closed","ping_status":"closed","template":"","meta":{"content-type":"","_uag_custom_page_level_css":"","site-sidebar-layout":"default","site-content-layout":"","ast-site-content-layout":"default","site-content-style":"default","site-sidebar-style":"default","ast-global-header-display":"","ast-banner-title-visibility":"","ast-main-header-display":"","ast-hfb-above-header-display":"","ast-hfb-below-header-display":"","ast-hfb-mobile-header-display":"","site-post-title":"disabled","ast-breadcrumbs-content":"","ast-featured-img":"disabled","footer-sml-layout":"","ast-disable-related-posts":"","theme-transparent-header-meta":"","adv-header-id-meta":"","stick-header-meta":"","header-above-stick-meta":"","header-main-stick-meta":"","header-below-stick-meta":"","astra-migrate-meta-layouts":"set","ast-page-background-enabled":"default","ast-page-background-meta":{"desktop":{"background-color":"","background-image":"","background-repeat":"repeat","background-position":"center center","background-size":"auto","background-attachment":"scroll","background-type":"","background-media":"","overlay-type":"","overlay-color":"","overlay-opacity":"","overlay-gradient":""},"tablet":{"background-color":"","background-image":"","background-repeat":"repeat","background-position":"center center","background-size":"auto","background-attachment":"scroll","background-type":"","background-media":"","overlay-type":"","overlay-color":"","overlay-opacity":"","overlay-gradient":""},"mobile":{"background-color":"","background-image":"","background-repeat":"repeat","background-position":"center center","background-size":"auto","background-attachment":"scroll","background-type":"","background-media":"","overlay-type":"","overlay-color":"","overlay-opacity":"","overlay-gradient":""}},"ast-content-background-meta":{"desktop":{"background-color":"var(--ast-global-color-5)","background-image":"","background-repeat":"repeat","background-position":"center center","background-size":"auto","background-attachment":"scroll","background-type":"","background-media":"","overlay-type":"","overlay-color":"","overlay-opacity":"","overlay-gradient":""},"tablet":{"background-color":"var(--ast-global-color-5)","background-image":"","background-repeat":"repeat","background-position":"center center","background-size":"auto","background-attachment":"scroll","background-type":"","background-media":"","overlay-type":"","overlay-color":"","overlay-opacity":"","overlay-gradient":""},"mobile":{"background-color":"var(--ast-global-color-5)","background-image":"","background-repeat":"repeat","background-position":"center center","background-size":"auto","background-attachment":"scroll","background-type":"","background-media":"","overlay-type":"","overlay-color":"","overlay-opacity":"","overlay-gradient":""}},"jetpack_post_was_ever_published":false,"_joinchat":[],"footnotes":""},"class_list":["post-4360","page","type-page","status-publish","has-post-thumbnail","hentry"],"yoast_head":"<!-- This site is optimized with the Yoast SEO plugin v26.5 - https:\/\/yoast.com\/wordpress\/plugins\/seo\/ -->\n<title>abanicos personalizados por mayor - Venturis<\/title>\n<meta name=\"description\" content=\"Si estas buscando un merchandising o souvenir para tu marca, evento o celebraci\u00f3n de casamiento, 15 a\u00f1os o cumplea\u00f1os, nuestros abanicos son la mejor opci\u00f3n\" \/>\n<meta name=\"robots\" content=\"index, follow, max-snippet:-1, max-image-preview:large, max-video-preview:-1\" \/>\n<link rel=\"canonical\" href=\"https:\/\/venturis.com.ar\/?page_id=4360\" \/>\n<meta property=\"og:locale\" content=\"es_ES\" \/>\n<meta property=\"og:type\" content=\"article\" \/>\n<meta property=\"og:title\" content=\"abanicos personalizados por mayor - Venturis\" \/>\n<meta property=\"og:description\" content=\"Si estas buscando un merchandising o souvenir para tu marca, evento o celebraci\u00f3n de casamiento, 15 a\u00f1os o cumplea\u00f1os, nuestros abanicos son la mejor opci\u00f3n\" \/>\n<meta property=\"og:url\" content=\"https:\/\/venturis.com.ar\/?page_id=4360\" \/>\n<meta property=\"og:site_name\" content=\"Venturis\" \/>\n<meta property=\"article:modified_time\" content=\"2026-04-07T23:32:22+00:00\" \/>\n<meta property=\"og:image\" content=\"http:\/\/venturis.com.ar\/wp-content\/uploads\/2025\/07\/BelenJuampi-0938-scaled.jpg\" \/>\n\t<meta property=\"og:image:width\" content=\"2560\" \/>\n\t<meta property=\"og:image:height\" content=\"1706\" \/>\n\t<meta property=\"og:image:type\" content=\"image\/jpeg\" \/>\n<meta name=\"twitter:card\" content=\"summary_large_image\" \/>\n<meta name=\"twitter:label1\" content=\"Tiempo de lectura\" \/>\n\t<meta name=\"twitter:data1\" content=\"6 minutos\" \/>\n<script type=\"application\/ld+json\" class=\"yoast-schema-graph\">{\"@context\":\"https:\/\/schema.org\",\"@graph\":[{\"@type\":\"WebPage\",\"@id\":\"https:\/\/venturis.com.ar\/?page_id=4360\",\"url\":\"https:\/\/venturis.com.ar\/?page_id=4360\",\"name\":\"abanicos personalizados por mayor - Venturis\",\"isPartOf\":{\"@id\":\"https:\/\/venturis.com.ar\/#website\"},\"primaryImageOfPage\":{\"@id\":\"https:\/\/venturis.com.ar\/?page_id=4360#primaryimage\"},\"image\":{\"@id\":\"https:\/\/venturis.com.ar\/?page_id=4360#primaryimage\"},\"thumbnailUrl\":\"https:\/\/venturis.com.ar\/wp-content\/uploads\/2025\/07\/BelenJuampi-0938-scaled.jpg\",\"datePublished\":\"2025-07-31T00:21:04+00:00\",\"dateModified\":\"2026-04-07T23:32:22+00:00\",\"description\":\"Si estas buscando un merchandising o souvenir para tu marca, evento o celebraci\u00f3n de casamiento, 15 a\u00f1os o cumplea\u00f1os, nuestros abanicos son la mejor opci\u00f3n\",\"breadcrumb\":{\"@id\":\"https:\/\/venturis.com.ar\/?page_id=4360#breadcrumb\"},\"inLanguage\":\"es\",\"potentialAction\":[{\"@type\":\"ReadAction\",\"target\":[\"https:\/\/venturis.com.ar\/?page_id=4360\"]}]},{\"@type\":\"ImageObject\",\"inLanguage\":\"es\",\"@id\":\"https:\/\/venturis.com.ar\/?page_id=4360#primaryimage\",\"url\":\"https:\/\/venturis.com.ar\/wp-content\/uploads\/2025\/07\/BelenJuampi-0938-scaled.jpg\",\"contentUrl\":\"https:\/\/venturis.com.ar\/wp-content\/uploads\/2025\/07\/BelenJuampi-0938-scaled.jpg\",\"width\":2560,\"height\":1706},{\"@type\":\"BreadcrumbList\",\"@id\":\"https:\/\/venturis.com.ar\/?page_id=4360#breadcrumb\",\"itemListElement\":[{\"@type\":\"ListItem\",\"position\":1,\"name\":\"Portada\",\"item\":\"https:\/\/venturis.com.ar\/\"},{\"@type\":\"ListItem\",\"position\":2,\"name\":\"abanicos personalizados por mayor\"}]},{\"@type\":\"WebSite\",\"@id\":\"https:\/\/venturis.com.ar\/#website\",\"url\":\"https:\/\/venturis.com.ar\/\",\"name\":\"Venturis.com.ar\",\"description\":\"Tu autenticidad en movimiento\",\"publisher\":{\"@id\":\"https:\/\/venturis.com.ar\/#\/schema\/person\/2f014c263cadc657457c408059943d7e\"},\"alternateName\":\"Venturis\",\"potentialAction\":[{\"@type\":\"SearchAction\",\"target\":{\"@type\":\"EntryPoint\",\"urlTemplate\":\"https:\/\/venturis.com.ar\/?s={search_term_string}\"},\"query-input\":{\"@type\":\"PropertyValueSpecification\",\"valueRequired\":true,\"valueName\":\"search_term_string\"}}],\"inLanguage\":\"es\"},{\"@type\":[\"Person\",\"Organization\"],\"@id\":\"https:\/\/venturis.com.ar\/#\/schema\/person\/2f014c263cadc657457c408059943d7e\",\"name\":\"Melisa Parajon\",\"image\":{\"@type\":\"ImageObject\",\"inLanguage\":\"es\",\"@id\":\"https:\/\/venturis.com.ar\/#\/schema\/person\/image\/\",\"url\":\"https:\/\/venturis.com.ar\/wp-content\/uploads\/2025\/07\/LOGO-FINAL-02-scaled.jpg\",\"contentUrl\":\"https:\/\/venturis.com.ar\/wp-content\/uploads\/2025\/07\/LOGO-FINAL-02-scaled.jpg\",\"width\":2560,\"height\":2560,\"caption\":\"Melisa Parajon\"},\"logo\":{\"@id\":\"https:\/\/venturis.com.ar\/#\/schema\/person\/image\/\"}}]}<\/script>\n<!-- \/ Yoast SEO plugin. -->","yoast_head_json":{"title":"abanicos personalizados por mayor - Venturis","description":"Si estas buscando un merchandising o souvenir para tu marca, evento o celebraci\u00f3n de casamiento, 15 a\u00f1os o cumplea\u00f1os, nuestros abanicos son la mejor opci\u00f3n","robots":{"index":"index","follow":"follow","max-snippet":"max-snippet:-1","max-image-preview":"max-image-preview:large","max-video-preview":"max-video-preview:-1"},"canonical":"https:\/\/venturis.com.ar\/?page_id=4360","og_locale":"es_ES","og_type":"article","og_title":"abanicos personalizados por mayor - Venturis","og_description":"Si estas buscando un merchandising o souvenir para tu marca, evento o celebraci\u00f3n de casamiento, 15 a\u00f1os o cumplea\u00f1os, nuestros abanicos son la mejor opci\u00f3n","og_url":"https:\/\/venturis.com.ar\/?page_id=4360","og_site_name":"Venturis","article_modified_time":"2026-04-07T23:32:22+00:00","og_image":[{"width":2560,"height":1706,"url":"http:\/\/venturis.com.ar\/wp-content\/uploads\/2025\/07\/BelenJuampi-0938-scaled.jpg","type":"image\/jpeg"}],"twitter_card":"summary_large_image","twitter_misc":{"Tiempo de lectura":"6 minutos"},"schema":{"@context":"https:\/\/schema.org","@graph":[{"@type":"WebPage","@id":"https:\/\/venturis.com.ar\/?page_id=4360","url":"https:\/\/venturis.com.ar\/?page_id=4360","name":"abanicos personalizados por mayor - Venturis","isPartOf":{"@id":"https:\/\/venturis.com.ar\/#website"},"primaryImageOfPage":{"@id":"https:\/\/venturis.com.ar\/?page_id=4360#primaryimage"},"image":{"@id":"https:\/\/venturis.com.ar\/?page_id=4360#primaryimage"},"thumbnailUrl":"https:\/\/venturis.com.ar\/wp-content\/uploads\/2025\/07\/BelenJuampi-0938-scaled.jpg","datePublished":"2025-07-31T00:21:04+00:00","dateModified":"2026-04-07T23:32:22+00:00","description":"Si estas buscando un merchandising o souvenir para tu marca, evento o celebraci\u00f3n de casamiento, 15 a\u00f1os o cumplea\u00f1os, nuestros abanicos son la mejor opci\u00f3n","breadcrumb":{"@id":"https:\/\/venturis.com.ar\/?page_id=4360#breadcrumb"},"inLanguage":"es","potentialAction":[{"@type":"ReadAction","target":["https:\/\/venturis.com.ar\/?page_id=4360"]}]},{"@type":"ImageObject","inLanguage":"es","@id":"https:\/\/venturis.com.ar\/?page_id=4360#primaryimage","url":"https:\/\/venturis.com.ar\/wp-content\/uploads\/2025\/07\/BelenJuampi-0938-scaled.jpg","contentUrl":"https:\/\/venturis.com.ar\/wp-content\/uploads\/2025\/07\/BelenJuampi-0938-scaled.jpg","width":2560,"height":1706},{"@type":"BreadcrumbList","@id":"https:\/\/venturis.com.ar\/?page_id=4360#breadcrumb","itemListElement":[{"@type":"ListItem","position":1,"name":"Portada","item":"https:\/\/venturis.com.ar\/"},{"@type":"ListItem","position":2,"name":"abanicos personalizados por mayor"}]},{"@type":"WebSite","@id":"https:\/\/venturis.com.ar\/#website","url":"https:\/\/venturis.com.ar\/","name":"Venturis.com.ar","description":"Tu autenticidad en movimiento","publisher":{"@id":"https:\/\/venturis.com.ar\/#\/schema\/person\/2f014c263cadc657457c408059943d7e"},"alternateName":"Venturis","potentialAction":[{"@type":"SearchAction","target":{"@type":"EntryPoint","urlTemplate":"https:\/\/venturis.com.ar\/?s={search_term_string}"},"query-input":{"@type":"PropertyValueSpecification","valueRequired":true,"valueName":"search_term_string"}}],"inLanguage":"es"},{"@type":["Person","Organization"],"@id":"https:\/\/venturis.com.ar\/#\/schema\/person\/2f014c263cadc657457c408059943d7e","name":"Melisa Parajon","image":{"@type":"ImageObject","inLanguage":"es","@id":"https:\/\/venturis.com.ar\/#\/schema\/person\/image\/","url":"https:\/\/venturis.com.ar\/wp-content\/uploads\/2025\/07\/LOGO-FINAL-02-scaled.jpg","contentUrl":"https:\/\/venturis.com.ar\/wp-content\/uploads\/2025\/07\/LOGO-FINAL-02-scaled.jpg","width":2560,"height":2560,"caption":"Melisa Parajon"},"logo":{"@id":"https:\/\/venturis.com.ar\/#\/schema\/person\/image\/"}}]}},"uagb_featured_image_src":{"full":["https:\/\/venturis.com.ar\/wp-content\/uploads\/2025\/07\/BelenJuampi-0938-scaled.jpg",2560,1706,false],"thumbnail":["https:\/\/venturis.com.ar\/wp-content\/uploads\/2025\/07\/BelenJuampi-0938-150x150.jpg",150,150,true],"medium":["https:\/\/venturis.com.ar\/wp-content\/uploads\/2025\/07\/BelenJuampi-0938-300x200.jpg",300,200,true],"medium_large":["https:\/\/venturis.com.ar\/wp-content\/uploads\/2025\/07\/BelenJuampi-0938-768x512.jpg",768,512,true],"large":["https:\/\/venturis.com.ar\/wp-content\/uploads\/2025\/07\/BelenJuampi-0938-1024x683.jpg",1024,683,true],"1536x1536":["https:\/\/venturis.com.ar\/wp-content\/uploads\/2025\/07\/BelenJuampi-0938-1536x1024.jpg",1536,1024,true],"2048x2048":["https:\/\/venturis.com.ar\/wp-content\/uploads\/2025\/07\/BelenJuampi-0938-2048x1365.jpg",2048,1365,true],"gamipress-points":["https:\/\/venturis.com.ar\/wp-content\/uploads\/2025\/07\/BelenJuampi-0938-50x33.jpg",50,33,true],"gamipress-achievement":["https:\/\/venturis.com.ar\/wp-content\/uploads\/2025\/07\/BelenJuampi-0938-100x67.jpg",100,67,true],"gamipress-rank":["https:\/\/venturis.com.ar\/wp-content\/uploads\/2025\/07\/BelenJuampi-0938-100x67.jpg",100,67,true],"woocommerce_thumbnail":["https:\/\/venturis.com.ar\/wp-content\/uploads\/2025\/07\/BelenJuampi-0938-300x300.jpg",300,300,true],"woocommerce_single":["https:\/\/venturis.com.ar\/wp-content\/uploads\/2025\/07\/BelenJuampi-0938-600x400.jpg",600,400,true],"woocommerce_gallery_thumbnail":["https:\/\/venturis.com.ar\/wp-content\/uploads\/2025\/07\/BelenJuampi-0938-100x100.jpg",100,100,true]},"uagb_author_info":{"display_name":"Melisa Parajon","author_link":"https:\/\/venturis.com.ar\/?author=2"},"uagb_comment_info":0,"uagb_excerpt":"Deseamos que elijas los abanicos ideales para vos, por eso lee con atenci\u00f3n la siguiente informaci\u00f3n: * cantidad m\u00ednima 25 unidades.*se estampa un dise\u00f1o cada 10 abanicos (podes estampar lo que quieras).*leer con atenci\u00f3n las condiciones al final del documento. TENEMOS DOS TIPOS DE ABANICOS: DE MDF Y DE PL\u00c1STICO Caracter\u00edsticas estructura de MDF estructura&hellip;","jetpack_sharing_enabled":true,"_links":{"self":[{"href":"https:\/\/venturis.com.ar\/index.php?rest_route=\/wp\/v2\/pages\/4360","targetHints":{"allow":["GET"]}}],"collection":[{"href":"https:\/\/venturis.com.ar\/index.php?rest_route=\/wp\/v2\/pages"}],"about":[{"href":"https:\/\/venturis.com.ar\/index.php?rest_route=\/wp\/v2\/types\/page"}],"author":[{"embeddable":true,"href":"https:\/\/venturis.com.ar\/index.php?rest_route=\/wp\/v2\/users\/2"}],"replies":[{"embeddable":true,"href":"https:\/\/venturis.com.ar\/index.php?rest_route=%2Fwp%2Fv2%2Fcomments&post=4360"}],"version-history":[{"count":61,"href":"https:\/\/venturis.com.ar\/index.php?rest_route=\/wp\/v2\/pages\/4360\/revisions"}],"predecessor-version":[{"id":4974,"href":"https:\/\/venturis.com.ar\/index.php?rest_route=\/wp\/v2\/pages\/4360\/revisions\/4974"}],"wp:featuredmedia":[{"embeddable":true,"href":"https:\/\/venturis.com.ar\/index.php?rest_route=\/wp\/v2\/media\/4407"}],"wp:attachment":[{"href":"https:\/\/venturis.com.ar\/index.php?rest_route=%2Fwp%2Fv2%2Fmedia&parent=4360"}],"curies":[{"name":"wp","href":"https:\/\/api.w.org\/{rel}","templated":true}]}}